{"id":1531,"date":"2023-02-25T12:01:29","date_gmt":"2023-02-25T11:01:29","guid":{"rendered":"https:\/\/www.sanstransition.org\/?page_id=1531"},"modified":"2024-06-08T17:09:15","modified_gmt":"2024-06-08T15:09:15","slug":"quest-ce-que-leducation-populaire","status":"publish","type":"page","link":"https:\/\/www.sanstransition.org\/index.php\/education-populaire-2\/5mn-deduc-pop\/quest-ce-que-leducation-populaire\/","title":{"rendered":"#1 &#8211; Qu&rsquo;est-ce que l&rsquo;\u00e9ducation populaire ?"},"content":{"rendered":"\n<figure class=\"wp-block-embed is-type-video is-provider-youtube wp-block-embed-youtube wp-embed-aspect-16-9 wp-has-aspect-ratio\"><div class=\"wp-block-embed__wrapper\">\n<iframe loading=\"lazy\" title=\"5mn d&#039;\u00e9duc pop #1 -  Qu&#039;est-ce que l&#039;\u00e9ducation populaire ?\" width=\"500\" height=\"281\" src=\"https:\/\/www.youtube.com\/embed\/qB3d7A56Y-0?feature=oembed\" frameborder=\"0\" allow=\"accelerometer; autoplay; clipboard-write; encrypted-media; gyroscope; picture-in-picture; web-share\" referrerpolicy=\"strict-origin-when-cross-origin\" allowfullscreen><\/iframe>\n<\/div><\/figure>\n\n\n\n<h2 class=\"wp-block-heading\">Une d\u00e9finition introuvable !<\/h2>\n\n\n\n<p>Il n&rsquo;y a pas de d\u00e9finition claire du concept d&rsquo;\u00e9ducation populaire. Tout ouvrage sur le sujet commence par en donner sa propre d\u00e9finition\u2026 Pour voir \u00e0 quoi \u00e7a ressemble, en voici une, celle d&rsquo;Alexia Morvan (le lien pour la t\u00e9l\u00e9charger est en bas de cette page) : <\/p>\n\n\n\n<p>\u00ab\u00a0L&rsquo;\u00e9ducation populaire est un ensemble de moyens culturels, de processus d\u2019apprentissage mutuels et d\u2019inter-influence, qui visent \u00e0 entretenir dialectiquement l\u2019esprit critique sur la r\u00e9alit\u00e9 sociale et les pratiques d\u2019\u00e9mancipation pour la transformation sociale.\u00a0\u00bb<\/p>\n\n\n\n<p>Con\u00e7ue par Franck Lepage (il a notamment r\u00e9alis\u00e9 une conf\u00e9rence gesticul\u00e9e sur l&rsquo;histoire de l&rsquo;\u00e9ducation populaire) et Luc Carton, voici une autre d\u00e9finition qui a l&rsquo;avantage de  proposer un processus d&rsquo;\u00e9ducation \u00e0 la d\u00e9mocratie, par la pratique. <\/p>\n\n\n\n<p>\u00ab Est d\u00e9mocratique une soci\u00e9t\u00e9 qui se reconna\u00eet divis\u00e9, c&rsquo;est-\u00e0-dire travers\u00e9 par des contradictions d&rsquo;int\u00e9r\u00eats, et qui associe \u00e0 parts \u00e9gales chaque citoyen dans l&rsquo;expression de ces contradictions, l&rsquo;analyse de ces contradictions, la d\u00e9lib\u00e9ration de ces contradictions, en vue d&rsquo;arriver \u00e0 un arbitrage \u00bb.<\/p>\n\n\n\n<p>L&rsquo;id\u00e9e centrale de cette d\u00e9finition, c&rsquo;est que la d\u00e9mocratie, pour \u00eatre vivante, n\u00e9cessite que les conflits d&rsquo;int\u00e9r\u00eats qui divise la soci\u00e9t\u00e9 soient d\u00e9battus et arbitr\u00e9s par les citoyens.<\/p>\n\n\n\n<h2 class=\"wp-block-heading\">Une \u00e9ducation au conflit d\u00e9mocratique<\/h2>\n\n\n\n<p>L&rsquo;\u00e9ducation populaire est ainsi une \u00e9ducation au travail des conflits. Il s&rsquo;agit de coop\u00e9rer \u00e0 arbitrer les conflits d&rsquo;int\u00e9r\u00eats qui divisent une organisation ou une soci\u00e9t\u00e9. Ce n&rsquo;est pas inn\u00e9 et<br>na\u00eetre en d\u00e9mocratie est bien loin de suffire pour jouer correctement son r\u00f4le de citoyen !<\/p>\n\n\n\n<p>La d\u00e9mocratie ne s&rsquo;enseigne pas, elle se pratique. Et quand on ne la pratique pas, la d\u00e9mocratie recule. Pour moi, l&rsquo;\u00e9ducation populaire est la p\u00e9dagogie de la d\u00e9mocratie. Tout processus organis\u00e9 par la soci\u00e9t\u00e9 civile et visant l&rsquo;approfondissement de la d\u00e9mocratie peut ainsi \u00eatre qualifi\u00e9 d&rsquo;\u00e9ducation populaire. M\u00eame si les personnes qui vivent ce processus ignorent ce concept !<\/p>\n\n\n\n<p>L&rsquo;\u00e9ducation populaire peut donc \u00eatre vu comme l&rsquo;ensemble des actions visant \u00e0 faire advenir, se maintenir ou renforcer la dimension d\u00e9mocratique d&rsquo;une organisation humaine. Elle ne peut donc pas \u00eatre descendante, c&rsquo;est-\u00e0-dire conduite par le pouvoir en place. Au niveau d&rsquo;une nation, elle n&rsquo;est donc pas l\u2019\u0153uvre de l\u2019\u00c9tat mais de la soci\u00e9t\u00e9 civile. C&rsquo;est pour cela que \u00ab \u00e9ducation populaire \u00bb signifie \u00ab \u00e9ducation par le peuple \u00bb, contrairement \u00e0 l&rsquo;\u00e9ducation nationale, qui est faite par l\u2019\u00c9tat (ou, par contrat, au nom de l\u2019\u00c9tat).<\/p>\n\n\n\n<p>On parle donc de l\u2019\u00e9ducation populaire comme pratique de d\u00e9mocratie \u00ab par le bas \u00bb. En quoi est-ce int\u00e9ressant, utile de la mobiliser lorsqu\u2019on accompagne des citoyens \u00e0 se mobiliser au sein et en faveur d\u2019une gouvernance partag\u00e9e ?<\/p>\n\n\n\n<h2 class=\"wp-block-heading\">Un peu d&rsquo;histoire et de g\u00e9ographie<\/h2>\n\n\n\n<p>Tout comme un commun se construit face \u00e0 une urgence sociale et \u00e9cologique, une menace ou un volont\u00e9 de faire autrement, l\u2019\u00e9ducation populaire s\u2019est construite sur des luttes sociales et politiques. <\/p>\n\n\n\n<p>Par exemple au d\u00e9but du XXe si\u00e8cle face \u00e0 l\u2019\u00c9glise (ayant abouti \u00e0 la loi de 1905 de s\u00e9paration de l&rsquo;Eglise et de l&rsquo;Etat), dans les ann\u00e9es 1930 face au Patronat (ce qui a donn\u00e9 le Front Populaire), apr\u00e8s la Seconde Guerre Mondiale (port\u00e9 par le Conseil National de la R\u00e9sistance). Ou ensuite par les mouvements f\u00e9ministes et \u00e9cologiques dans les ann\u00e9es 1960 et 1970.<\/p>\n\n\n\n<p>L&rsquo;\u00e9ducation populaire est un concept fran\u00e7ais &#8211; m\u00eame si bien s\u00fbr l&rsquo;organisation collective ,la d\u00e9fense des droits humains ou de la d\u00e9mocratie se retrouvent dans toutes les cultures et \u00e0 toutes les \u00e9poques ! &#8211;  (certains historiens situent sa naissance \u00e0 la R\u00e9volution Fran\u00e7aise), qui a \u00e9t\u00e9 adopt\u00e9, notamment via le courant de la th\u00e9ologie de la lib\u00e9ration en Am\u00e9rique du Sud o\u00f9 il a conserv\u00e9 une dimension politique bien plus affirm\u00e9 qu&rsquo;en France ! En Belgique, il est plut\u00f4t question d&rsquo;\u00e9ducation permanente, en Angleterre de non-formal \u00e9ducation et aux \u00c9tats-Unis de Community Organizing.<\/p>\n\n\n\n<h2 class=\"wp-block-heading\">Et aujourd&rsquo;hui ?<\/h2>\n\n\n\n<p>En France, des mouvements se r\u00e9clamant de l&rsquo;\u00e9ducation populaire ont \u00e9t\u00e9 reconnus par l\u2019\u00c9tat apr\u00e8s la seconde guerre mondiale \u2013 ce qui leur a permis d&rsquo;acc\u00e9der \u00e0 des financements publics, puis ce secteur s&rsquo;est professionnalis\u00e9 dans les ann\u00e9es 1960 et 1970 \u2013 les personnes form\u00e9es rempla\u00e7ants les militants dans ces mouvements. L&rsquo;\u00e9ducation populaire a alors c\u00e9d\u00e9 la place \u00e0 l&rsquo;animation socio-culturelle.<\/p>\n\n\n\n<p>Ces mouvements sont ensuite petit \u00e0 petit devenus des op\u00e9rateurs de l\u2019\u00c9tat dans le champ de l&rsquo;enfance, du sport et de la culture. La  dimension politique de l&rsquo;\u00e9ducation populaire a ainsi peu \u00e0 peu disparu.<\/p>\n\n\n\n<p>On parle cependant d&rsquo;un renouveau de l&rsquo;\u00e9ducation populaire depuis la fin des ann\u00e9es 90, notamment par les luttes anti-mondialisation, les forums sociaux mondiaux, le zapatisme, ou plus proche de nous par l&rsquo;exp\u00e9rience de la ZAD ou les Gilets Jaunes en France ou les mouvements sociaux #Meetoo et Black Lives Matter dans le monde.<\/p>\n\n\n\n<h2 class=\"wp-block-heading\">Un concept \u00e0 la mode<\/h2>\n\n\n\n<p>L&rsquo;\u00e9ducation populaire est, apr\u00e8s une longue travers\u00e9e du d\u00e9sert, un concept qui revient \u00e0 la mode et qui est invoqu\u00e9e dans de nombreux r\u00e9seaux associatifs, syndicats ou partis politiques comme solution magique pour d\u00e9mocratiser des organisations souvent encore tr\u00e8s pyramidales.<\/p>\n\n\n\n<p>Une forme de croyance dans ce concept am\u00e8ne \u00e0 croire (ou faire croire) que de pratiquer des outils de d&rsquo;expression, de d\u00e9bat, de d\u00e9cision\u2026 estampill\u00e9s \u00e9ducation populaire va garantir le respect des valeurs d\u00e9mocratiques au sein d&rsquo;une organisation.<\/p>\n\n\n\n<p>Ce n&rsquo;est malheureusement pas le cas, les outils ne sont pas magiques, et travailler les conflits au sein d&rsquo;une organisation revient entre autres \u00e0 analyser la pratique du pouvoir. Et le pouvoir a souvent tendance \u00e0 poser des limites \u00e0 ce d\u00e9sir de d\u00e9mocratie : utiliser des outils plus participatifs, oui, mais remettre en cause le pouvoir, non !<\/p>\n\n\n\n<p>La vision \u00ab les outils ne suffisent pas car la d\u00e9marche est avant tout politique \u00bb est aussi un point commun avec l\u2019APC\u2026 L\u2019APC aussi induit, au-del\u00e0 des m\u00e9thodes et outils de concertation, de repenser les formes de domination et les rapports de pouvoir.<\/p>\n\n\n\n<h2 class=\"wp-block-heading\">Vers la transformation sociale<\/h2>\n\n\n\n<p>De fait, l&rsquo;exp\u00e9rience montre que la r\u00e9ussite d&rsquo;actions de transformation sociale repose sur une articulation entre 3 mani\u00e8res d&rsquo;agir sur une probl\u00e9matique sociale, selon que l&rsquo;on agisse au nom du pouvoir, contre le pouvoir ou en dehors du pouvoir en place dans l&rsquo;organisation humaine que l&rsquo;on souhaite transformer. <\/p>\n\n\n\n<p>Ces trois logiques d&rsquo;action ont chacune leurs int\u00e9r\u00eats et leurs inconv\u00e9nients. Et une transformation sociale n&rsquo;est possible que lorsque ces trois logiques d&rsquo;action sont bien en place face \u00e0 une probl\u00e9matique sociale. La transformation sociale est comme un tabouret \u00e0 trois pieds : lorsqu&rsquo;un pied est ab\u00eem\u00e9, le tabouret ne tient pas debout.<\/p>\n\n\n\n<h2 class=\"wp-block-heading\">Pour aller plus loin<\/h2>\n\n\n\n<ul class=\"wp-block-list\">\n<li>Le site d&rsquo;Adeline de Lepinay propose, l&rsquo;onglet \u00ab <a href=\"https:\/\/www.education-populaire.fr\/definition\/\">Qu&rsquo;est-ce que l&rsquo;\u00e9ducation populaire ?<\/a> \u00bb<\/li>\n\n\n\n<li>La conf\u00e9rence gesticul\u00e9e de Franck Lepage \u00ab<a href=\"https:\/\/www.youtube.com\/watch?v=UC9Z-XYXGww\"> Inculture(s)<\/a> \u00bb<\/li>\n\n\n\n<li>La th\u00e8se d&rsquo;Alexia Morvan \u00ab <a href=\"https:\/\/www.sanstransition.org\/wp-content\/uploads\/2023\/01\/These-education-populaire-politique-1.pdf\">Pour une \u00e9ducation populaire politique<\/a> \u00bb(le lien t\u00e9l\u00e9charge le PDF)<\/li>\n<\/ul>\n\n\n\n<h2 class=\"wp-block-heading\">In English<\/h2>\n\n\n\n<p>Ci-dessous la vid\u00e9o sous-titr\u00e9e en anglais et la \u00ab\u00a0pop-note\u00a0\u00bb qui l&rsquo;accompagne. Habillage et sous-titrage de la vid\u00e9o, traduction et mise-en-page de la pop-note  par l&rsquo;\u00e9quipe de l&rsquo;Approche par les Communs du Gret, que je remercie ! <\/p>\n\n\n\n<figure class=\"wp-block-embed is-type-video is-provider-youtube wp-block-embed-youtube wp-embed-aspect-16-9 wp-has-aspect-ratio\"><div class=\"wp-block-embed__wrapper\">\n<iframe loading=\"lazy\" title=\"#1 - What is grassroot education\" width=\"500\" height=\"281\" src=\"https:\/\/www.youtube.com\/embed\/ZWgMIEYuyl8?feature=oembed\" frameborder=\"0\" allow=\"accelerometer; autoplay; clipboard-write; encrypted-media; gyroscope; picture-in-picture; web-share\" referrerpolicy=\"strict-origin-when-cross-origin\" allowfullscreen><\/iframe>\n<\/div><\/figure>\n\n\n\n<div data-wp-interactive=\"core\/file\" class=\"wp-block-file\"><object data-wp-bind--hidden=\"!state.hasPdfPreview\" hidden class=\"wp-block-file__embed\" data=\"https:\/\/www.sanstransition.org\/wp-content\/uploads\/2024\/06\/1-What-is-grassroot-education.pdf\" type=\"application\/pdf\" style=\"width:100%;height:600px\" aria-label=\"Contenu embarqu\u00e9 1-What-is-grassroot-education.\"><\/object><a id=\"wp-block-file--media-a4eeaf25-ed0b-4a09-b654-97507fb8d3db\" href=\"https:\/\/www.sanstransition.org\/wp-content\/uploads\/2024\/06\/1-What-is-grassroot-education.pdf\">1-What-is-grassroot-education<\/a><a href=\"https:\/\/www.sanstransition.org\/wp-content\/uploads\/2024\/06\/1-What-is-grassroot-education.pdf\" class=\"wp-block-file__button wp-element-button\" download aria-describedby=\"wp-block-file--media-a4eeaf25-ed0b-4a09-b654-97507fb8d3db\">T\u00e9l\u00e9charger<\/a><\/div>\n","protected":false},"excerpt":{"rendered":"<p>Une d\u00e9finition introuvable ! Il n&rsquo;y a pas de d\u00e9finition claire du concept d&rsquo;\u00e9ducation populaire. Tout ouvrage sur le sujet commence par en donner sa propre d\u00e9finition\u2026 Pour voir \u00e0 quoi \u00e7a ressemble, en voici une, celle d&rsquo;Alexia Morvan (le lien pour la t\u00e9l\u00e9charger est en bas de cette page) : \u00ab\u00a0L&rsquo;\u00e9ducation populaire est un [&hellip;]<\/p>\n","protected":false},"author":1,"featured_media":0,"parent":1516,"menu_order":1,"comment_status":"closed","ping_status":"closed","template":"","meta":{"jetpack_post_was_ever_published":false,"footnotes":""},"class_list":["post-1531","page","type-page","status-publish","hentry"],"jetpack_sharing_enabled":true,"_links":{"self":[{"href":"https:\/\/www.sanstransition.org\/index.php\/wp-json\/wp\/v2\/pages\/1531","targetHints":{"allow":["GET"]}}],"collection":[{"href":"https:\/\/www.sanstransition.org\/index.php\/wp-json\/wp\/v2\/pages"}],"about":[{"href":"https:\/\/www.sanstransition.org\/index.php\/wp-json\/wp\/v2\/types\/page"}],"author":[{"embeddable":true,"href":"https:\/\/www.sanstransition.org\/index.php\/wp-json\/wp\/v2\/users\/1"}],"replies":[{"embeddable":true,"href":"https:\/\/www.sanstransition.org\/index.php\/wp-json\/wp\/v2\/comments?post=1531"}],"version-history":[{"count":16,"href":"https:\/\/www.sanstransition.org\/index.php\/wp-json\/wp\/v2\/pages\/1531\/revisions"}],"predecessor-version":[{"id":1807,"href":"https:\/\/www.sanstransition.org\/index.php\/wp-json\/wp\/v2\/pages\/1531\/revisions\/1807"}],"up":[{"embeddable":true,"href":"https:\/\/www.sanstransition.org\/index.php\/wp-json\/wp\/v2\/pages\/1516"}],"wp:attachment":[{"href":"https:\/\/www.sanstransition.org\/index.php\/wp-json\/wp\/v2\/media?parent=1531"}],"curies":[{"name":"wp","href":"https:\/\/api.w.org\/{rel}","templated":true}]}}